{"id":5,"date":"2016-09-05T18:36:04","date_gmt":"2016-09-05T18:36:04","guid":{"rendered":"http:\/\/demos.famethemes.com\/screenr\/?page_id=5"},"modified":"2026-04-22T06:46:01","modified_gmt":"2026-04-22T04:46:01","slug":"homepage","status":"publish","type":"page","link":"https:\/\/radentscheid-heidelberg.de\/en\/","title":{"rendered":"Verkehrswende in Heidelberg"},"content":{"rendered":"<div style=\"height:25px\" aria-hidden=\"true\" class=\"wp-block-spacer\"><\/div>\n\n\n\n<div style=\"height:50px\" aria-hidden=\"true\" class=\"wp-block-spacer\"><\/div>\n\n\n\n<h2 class=\"wp-block-heading\">\u00dcBER UNS<\/h2>\n\n\n\n<p>Der Radentscheid Heidelberg besteht aus einer Gruppe von engagierten B\u00fcrger:innen aus Heidelberg und Umgebung. Wir setzen uns daf\u00fcr ein, dass die Freir\u00e4ume der Stadt wieder den Bed\u00fcrfnissen der Menschen gerecht werden. Weniger L\u00e4rm und Umweltbelastung durch den motorisierten Individualverkehr, mehr Sicherheit und Raum f\u00fcr zwischenmenschliche Begegnungen. Eine Reduzierung der Geschwindigkeit auf ein menschliches Ma\u00df bezogen auf Zufu\u00dfgehende und Radfahrende. Zur Erh\u00f6hung der Lebensqualit\u00e4t und zum Schutz der schw\u00e4chsten Verkehrsteilnehmer:innen, den Kindern und Senior:innen.&nbsp;&nbsp;<\/p>\n\n\n\n<p>Wir bekennen uns klar zur&nbsp;<a href=\"https:\/\/www.vcd.org\/themen\/verkehrssicherheit\/vision-zero\/\">Vision Zero<\/a>, nach der jede:r Verkehrstote eine:r zu viel ist.<\/p>","protected":false},"excerpt":{"rendered":"<p>Der Radentscheid Heidelberg nimmt die Mobilit\u00e4tswende selbst in die Hand. Mit einem B\u00fcrgerbegehren setzen wir uns f\u00fcr den Fahrradverkehr in Heidelberg ein. <\/p>","protected":false},"author":1,"featured_media":0,"parent":0,"menu_order":0,"comment_status":"closed","ping_status":"closed","template":"","meta":{"inline_featured_image":false,"footnotes":""},"class_list":["post-5","page","type-page","status-publish","hentry"],"aioseo_notices":[],"featured_image_urls_v2":{"full":"","thumbnail":"","medium":"","medium_large":"","large":"","1536x1536":"","2048x2048":"","trp-custom-language-flag":"","ultp_layout_landscape_large":"","ultp_layout_landscape":"","ultp_layout_portrait":"","ultp_layout_square":"","hestia-blog":"","form-edit-image-preview":""},"post_excerpt_stackable_v2":"<p>Der Radentscheid Heidelberg nimmt die Mobilit\u00e4tswende selbst in die Hand. Mit einem B\u00fcrgerbegehren setzen wir uns f\u00fcr den Fahrradverkehr in Heidelberg ein. <\/p>\n","category_list_v2":"","author_info_v2":{"name":"admin","url":"https:\/\/radentscheid-heidelberg.de\/en\/author\/admin\/"},"comments_num_v2":"0 comments","_links":{"self":[{"href":"https:\/\/radentscheid-heidelberg.de\/en\/wp-json\/wp\/v2\/pages\/5","targetHints":{"allow":["GET"]}}],"collection":[{"href":"https:\/\/radentscheid-heidelberg.de\/en\/wp-json\/wp\/v2\/pages"}],"about":[{"href":"https:\/\/radentscheid-heidelberg.de\/en\/wp-json\/wp\/v2\/types\/page"}],"author":[{"embeddable":true,"href":"https:\/\/radentscheid-heidelberg.de\/en\/wp-json\/wp\/v2\/users\/1"}],"replies":[{"embeddable":true,"href":"https:\/\/radentscheid-heidelberg.de\/en\/wp-json\/wp\/v2\/comments?post=5"}],"version-history":[{"count":35,"href":"https:\/\/radentscheid-heidelberg.de\/en\/wp-json\/wp\/v2\/pages\/5\/revisions"}],"predecessor-version":[{"id":6313,"href":"https:\/\/radentscheid-heidelberg.de\/en\/wp-json\/wp\/v2\/pages\/5\/revisions\/6313"}],"wp:attachment":[{"href":"https:\/\/radentscheid-heidelberg.de\/en\/wp-json\/wp\/v2\/media?parent=5"}],"curies":[{"name":"wp","href":"https:\/\/api.w.org\/{rel}","templated":true}]}}